{"id":2832,"date":"2020-06-03T08:00:00","date_gmt":"2020-06-03T06:00:00","guid":{"rendered":"http:\/\/lycee-raynouard.fr\/?page_id=2832"},"modified":"2026-03-13T16:31:06","modified_gmt":"2026-03-13T15:31:06","slug":"__trashed","status":"publish","type":"page","link":"https:\/\/lycee-raynouard.fr\/","title":{"rendered":"Au lyc\u00e9e Raynouard"},"content":{"rendered":"\n\t\t\t<div class=\"wp-block-uagb-post-masonry uagb-post-grid  uagb-post__image-position-top uagb-post__image-enabled uagb-block-26bc203e     uagb-post__items uagb-post__columns-3 is-masonry uagb-post__columns-tablet-2 uagb-post__columns-mobile-1\" data-total=\"49\" style=\"\">\n\n\t\t\t\t\t\t\t\t\t\t\t\t<article class=\"uagb-post__inner-wrap\">\t\t\t\t\t\t\t\t<h4 class=\"uagb-post__title uagb-post__text\">\n\t\t\t\t<a href=\"https:\/\/lycee-raynouard.fr\/index.php\/2026\/04\/10\/quinzaine-de-la-presse\/\" target=\"_self\" rel=\"bookmark noopener noreferrer\">Bilan de la Quinzaine de la presse 2026 : une mobilisation remarquable !<\/a>\n\t\t\t<\/h4>\n\t\t\t\t\t\t<div class='uagb-post__text uagb-post-grid-byline'>\n\t\t\t\t\t\t\t\t<time datetime=\"2026-04-10T17:24:55+02:00\" class=\"uagb-post__date\">\n\t\t\t\t<span class=\"dashicons-calendar dashicons\"><\/span>\t\t\t\t\t10 avril 2026\t\t\t\t<\/time>\n\t\t\t\t\t\t\t<span class=\"uagb-post__comment\">\n\t\t\t\t<span class=\"dashicons-admin-comments dashicons\"><\/span>\t\t\t\t\tAucun commentaire\t\t\t\t<\/span>\n\t\t\t\t\t\t<\/div>\n\t\t\t\t\t\t\t<div class='uagb-post__text uagb-post__excerpt'>\n\t\t\t\t\t<p>\u00c0 l\u2019occasion de la Quinzaine de la presse, notre \u00e9tablissement a men\u00e9 une action d\u2019envergure&#8230;\t\t\t\t<\/div>\n\t\t\t\t\t\t<div class=\"uagb-post__text uagb-post__cta wp-block-button\">\n\t\t\t\t<a class=\"wp-block-button__link uagb-text-link\" style=\"\" href=\"https:\/\/lycee-raynouard.fr\/index.php\/2026\/04\/10\/quinzaine-de-la-presse\/\" target=\"_self\" rel=\"bookmark noopener noreferrer\">Lire la suite<\/a>\n\t\t\t<\/div>\n\t\t\t\n\t\t\t\t\t\t\t\t\t<\/article>\n\t\t\t\t\t\t\t\t\t\t\t\t\t\t\t\t<article class=\"uagb-post__inner-wrap\">\t\t\t\t\t\t\t\t<div class='uagb-post__image'>\n\t\t\t\t\t\t\t\t\t<a href=\"https:\/\/lycee-raynouard.fr\/index.php\/2026\/03\/13\/quinzaine-de-la-presse-2026\/\" target=\"_self\" rel=\"bookmark noopener noreferrer\"><img loading=\"lazy\" decoding=\"async\" width=\"768\" height=\"1086\" src=\"https:\/\/lycee-raynouard.fr\/wp-content\/uploads\/2026\/03\/Affiche-4-2-1-pdf.jpg\" class=\"attachment-medium_large size-medium_large\" alt=\"\" \/>\t\t\t\t\t<\/a>\n\t\t\t\t\t\t\t\t\t<\/div>\n\t\t\t\t\t\t<h4 class=\"uagb-post__title uagb-post__text\">\n\t\t\t\t<a href=\"https:\/\/lycee-raynouard.fr\/index.php\/2026\/03\/13\/quinzaine-de-la-presse-2026\/\" target=\"_self\" rel=\"bookmark noopener noreferrer\">Quinzaine de la Presse 2026<\/a>\n\t\t\t<\/h4>\n\t\t\t\t\t\t<div class='uagb-post__text uagb-post-grid-byline'>\n\t\t\t\t\t\t\t\t<time datetime=\"2026-03-13T14:27:06+01:00\" class=\"uagb-post__date\">\n\t\t\t\t<span class=\"dashicons-calendar dashicons\"><\/span>\t\t\t\t\t13 mars 2026\t\t\t\t<\/time>\n\t\t\t\t\t\t\t<span class=\"uagb-post__comment\">\n\t\t\t\t<span class=\"dashicons-admin-comments dashicons\"><\/span>\t\t\t\t\tAucun commentaire\t\t\t\t<\/span>\n\t\t\t\t\t\t<\/div>\n\t\t\t\t\t\t\t<div class='uagb-post__text uagb-post__excerpt'>\n\t\t\t\t\t<p>Du 23 mars au 3 avril 2026, le CDI du lyc\u00e9e participe \u00e0 la Quinzaine&#8230;\t\t\t\t<\/div>\n\t\t\t\t\t\t<div class=\"uagb-post__text uagb-post__cta wp-block-button\">\n\t\t\t\t<a class=\"wp-block-button__link uagb-text-link\" style=\"\" href=\"https:\/\/lycee-raynouard.fr\/index.php\/2026\/03\/13\/quinzaine-de-la-presse-2026\/\" target=\"_self\" rel=\"bookmark noopener noreferrer\">Lire la suite<\/a>\n\t\t\t<\/div>\n\t\t\t\n\t\t\t\t\t\t\t\t\t<\/article>\n\t\t\t\t\t\t\t\t\t\t\t\t\t\t\t\t<article class=\"uagb-post__inner-wrap\">\t\t\t\t\t\t\t\t<div class='uagb-post__image'>\n\t\t\t\t\t\t\t\t\t<a href=\"https:\/\/lycee-raynouard.fr\/index.php\/2026\/03\/04\/raynews-le-journal-du-lycee\/\" target=\"_self\" rel=\"bookmark noopener noreferrer\"><img loading=\"lazy\" decoding=\"async\" width=\"768\" height=\"1086\" src=\"https:\/\/lycee-raynouard.fr\/wp-content\/uploads\/2026\/03\/Raynews-2026-4-1-pdf.jpg\" class=\"attachment-medium_large size-medium_large\" alt=\"\" \/>\t\t\t\t\t<\/a>\n\t\t\t\t\t\t\t\t\t<\/div>\n\t\t\t\t\t\t<h4 class=\"uagb-post__title uagb-post__text\">\n\t\t\t\t<a href=\"https:\/\/lycee-raynouard.fr\/index.php\/2026\/03\/04\/raynews-le-journal-du-lycee\/\" target=\"_self\" rel=\"bookmark noopener noreferrer\">Raynews, le journal du lyc\u00e9e<\/a>\n\t\t\t<\/h4>\n\t\t\t\t\t\t<div class='uagb-post__text uagb-post-grid-byline'>\n\t\t\t\t\t\t\t\t<time datetime=\"2026-03-04T14:35:18+01:00\" class=\"uagb-post__date\">\n\t\t\t\t<span class=\"dashicons-calendar dashicons\"><\/span>\t\t\t\t\t4 mars 2026\t\t\t\t<\/time>\n\t\t\t\t\t\t\t<span class=\"uagb-post__comment\">\n\t\t\t\t<span class=\"dashicons-admin-comments dashicons\"><\/span>\t\t\t\t\tAucun commentaire\t\t\t\t<\/span>\n\t\t\t\t\t\t<\/div>\n\t\t\t\t\t\t\t<div class='uagb-post__text uagb-post__excerpt'>\n\t\t\t\t\t<p>Voici le dernier num\u00e9ro du Raynews, ax\u00e9 sur l&rsquo;orientation. Vous trouverez aussi diff\u00e9rents projets men\u00e9s&#8230;\t\t\t\t<\/div>\n\t\t\t\t\t\t<div class=\"uagb-post__text uagb-post__cta wp-block-button\">\n\t\t\t\t<a class=\"wp-block-button__link uagb-text-link\" style=\"\" href=\"https:\/\/lycee-raynouard.fr\/index.php\/2026\/03\/04\/raynews-le-journal-du-lycee\/\" target=\"_self\" rel=\"bookmark noopener noreferrer\">Lire la suite<\/a>\n\t\t\t<\/div>\n\t\t\t\n\t\t\t\t\t\t\t\t\t<\/article>\n\t\t\t\t\t\t\t\t\t\t\t\t\t\t\t\t<article class=\"uagb-post__inner-wrap\">\t\t\t\t\t\t\t\t<h4 class=\"uagb-post__title uagb-post__text\">\n\t\t\t\t<a href=\"https:\/\/lycee-raynouard.fr\/index.php\/2026\/01\/28\/forum-stmg-2026\/\" target=\"_self\" rel=\"bookmark noopener noreferrer\">FORUM STMG 2026<\/a>\n\t\t\t<\/h4>\n\t\t\t\t\t\t<div class='uagb-post__text uagb-post-grid-byline'>\n\t\t\t\t\t\t\t\t<time datetime=\"2026-01-28T17:58:05+01:00\" class=\"uagb-post__date\">\n\t\t\t\t<span class=\"dashicons-calendar dashicons\"><\/span>\t\t\t\t\t28 janvier 2026\t\t\t\t<\/time>\n\t\t\t\t\t\t\t<span class=\"uagb-post__comment\">\n\t\t\t\t<span class=\"dashicons-admin-comments dashicons\"><\/span>\t\t\t\t\tAucun commentaire\t\t\t\t<\/span>\n\t\t\t\t\t\t<\/div>\n\t\t\t\t\t\t\t<div class='uagb-post__text uagb-post__excerpt'>\n\t\t\t\t\t<p>Vous \u00eates curieux et vous voulez savoir ce qui est advenu des anciens \u00e9l\u00e8ves de&#8230;\t\t\t\t<\/div>\n\t\t\t\t\t\t<div class=\"uagb-post__text uagb-post__cta wp-block-button\">\n\t\t\t\t<a class=\"wp-block-button__link uagb-text-link\" style=\"\" href=\"https:\/\/lycee-raynouard.fr\/index.php\/2026\/01\/28\/forum-stmg-2026\/\" target=\"_self\" rel=\"bookmark noopener noreferrer\">Lire la suite<\/a>\n\t\t\t<\/div>\n\t\t\t\n\t\t\t\t\t\t\t\t\t<\/article>\n\t\t\t\t\t\t\t\t\t\t\t<\/div>\n\t\t\t\n\n\n<div class=\"wp-block-uagb-container uagb-block-f56f01c7 default uagb-is-root-container\">\n<h1 class=\"wp-block-heading has-text-align-center\">Projet interdisciplinaire Lettres \/ Sciences de la Vie et de la Terre<\/h1>\n\n\n<div class=\"wp-block-image\">\n<figure class=\"aligncenter size-large is-resized\"><img loading=\"lazy\" decoding=\"async\" width=\"986\" height=\"1024\" src=\"https:\/\/lycee-raynouard.fr\/wp-content\/uploads\/2023\/11\/IMG-20231019-WA0001-986x1024.jpg\" alt=\"\" class=\"wp-image-4946\" style=\"width:252px;height:261px\" srcset=\"https:\/\/lycee-raynouard.fr\/wp-content\/uploads\/2023\/11\/IMG-20231019-WA0001-986x1024.jpg 986w, https:\/\/lycee-raynouard.fr\/wp-content\/uploads\/2023\/11\/IMG-20231019-WA0001-289x300.jpg 289w, https:\/\/lycee-raynouard.fr\/wp-content\/uploads\/2023\/11\/IMG-20231019-WA0001-768x797.jpg 768w, https:\/\/lycee-raynouard.fr\/wp-content\/uploads\/2023\/11\/IMG-20231019-WA0001-786x816.jpg 786w, https:\/\/lycee-raynouard.fr\/wp-content\/uploads\/2023\/11\/IMG-20231019-WA0001.jpg 1230w\" sizes=\"auto, (max-width: 986px) 100vw, 986px\" \/><\/figure>\n<\/div>\n\n\n<p>Travaux d&rsquo;\u00e9criture sur diff\u00e9rents supports et sorties culturelles croisant Lettres et Sciences&#8230;<\/p>\n\n\n\n<div class=\"wp-block-uagb-buttons uagb-buttons__outer-wrap uagb-btn__default-btn uagb-btn-tablet__default-btn uagb-btn-mobile__default-btn uagb-block-c2d21ab7\"><div class=\"uagb-buttons__wrap uagb-buttons-layout-wrap \">\n<div class=\"wp-block-uagb-buttons-child uagb-buttons__outer-wrap uagb-block-760fa513 wp-block-button\"><div class=\"uagb-button__wrapper\"><a class=\"uagb-buttons-repeater wp-block-button__link\" aria-label=\"\" href=\"https:\/\/lycee-raynouard.fr\/index.php\/projet-lettres-sciences-de-la-vie-et-de-la-terre\/\" rel=\"follow noopener\" target=\"_self\" role=\"button\"><div class=\"uagb-button__link\">Lire la suite<\/div><span class=\"uagb-button__icon uagb-button__icon-position-after\"><svg xmlns=\"https:\/\/www.w3.org\/2000\/svg\" viewBox=\"0 0 448 512\" aria-hidden=\"true\" focussable=\"false\"><path d=\"M438.6 278.6l-160 160C272.4 444.9 264.2 448 256 448s-16.38-3.125-22.62-9.375c-12.5-12.5-12.5-32.75 0-45.25L338.8 288H32C14.33 288 .0016 273.7 .0016 256S14.33 224 32 224h306.8l-105.4-105.4c-12.5-12.5-12.5-32.75 0-45.25s32.75-12.5 45.25 0l160 160C451.1 245.9 451.1 266.1 438.6 278.6z\"><\/path><\/svg><\/span><\/a><\/div><\/div>\n<\/div><\/div>\n<\/div>\n\n\n\n<p class=\"has-white-color has-text-color has-background has-link-color has-large-font-size wp-elements-f16d2dc090791d6111ea02115000f94b\" style=\"background-color:#3a0a5e\">Concours photos: Bestioles<\/p>\n\n\n\n<p>Merci \u00e0 tous les participants au concours photos&#8230;Vous pourrez retrouver ci dessous les contributions !<\/p>\n\n\n\nngg_shortcode_0_placeholder\n\n\n\n<hr class=\"wp-block-separator has-text-color has-very-dark-gray-color has-css-opacity has-very-dark-gray-background-color has-background is-style-dots\"\/>\n\n\n\n<div class=\"wp-block-cover\" style=\"min-height:123px;aspect-ratio:unset;\"><span aria-hidden=\"true\" class=\"wp-block-cover__background has-background-dim-100 has-background-dim\" style=\"background-color:#693997\"><\/span><div class=\"wp-block-cover__inner-container is-layout-flow wp-block-cover-is-layout-flow\">\n<p class=\"has-text-align-center has-large-font-size\">Le lyc\u00e9e Raynouard:<\/p>\n\n\n\n<p class=\"has-text-align-center has-large-font-size\">Pr\u00e9sentation<\/p>\n<\/div><\/div>\n\n\n\n<div style=\"width: 100%;\"><div style=\"position: relative; padding-bottom: 56.25%; padding-top: 0; height: 0;\"><iframe loading=\"lazy\" style=\"position: absolute; top: 0; left: 0; width: 100%; height: 100%;\" src=\"https:\/\/view.genial.ly\/601967a66c50dd0d11931289\" type=\"text\/html\" allowscriptaccess=\"always\" allowfullscreen=\"true\" scrolling=\"yes\" allownetworking=\"all\" width=\"1200\" height=\"675\" frameborder=\"0\"><\/iframe> <\/div> <\/div>\n","protected":false},"excerpt":{"rendered":"<p>Projet interdisciplinaire Lettres \/ Sciences de la Vie et de la Terre Travaux d&rsquo;\u00e9criture sur diff\u00e9rents supports et sorties culturelles croisant Lettres et Sciences&#8230; Concours photos: Bestioles Merci \u00e0 tous les participants au concours photos&#8230;Vous pourrez retrouver ci dessous les contributions !<\/p>\n","protected":false},"author":1,"featured_media":0,"parent":0,"menu_order":0,"comment_status":"closed","ping_status":"closed","template":"","meta":{"_uag_custom_page_level_css":"","advgb_blocks_editor_width":"","advgb_blocks_columns_visual_guide":"","ngg_post_thumbnail":0,"footnotes":""},"class_list":["post-2832","page","type-page","status-publish","hentry","nodate","item-wrap"],"yoast_head":"<!-- This site is optimized with the Yoast SEO plugin v25.8 - https:\/\/yoast.com\/wordpress\/plugins\/seo\/ -->\n<title>Au lyc\u00e9e Raynouard - Lyc\u00e9e Polyvalent Raynouard<\/title>\n<meta name=\"robots\" content=\"index, follow, max-snippet:-1, max-image-preview:large, max-video-preview:-1\" \/>\n<link rel=\"canonical\" href=\"https:\/\/lycee-raynouard.fr\/\" \/>\n<meta property=\"og:locale\" content=\"fr_FR\" \/>\n<meta property=\"og:type\" content=\"article\" \/>\n<meta property=\"og:title\" content=\"Au lyc\u00e9e Raynouard - Lyc\u00e9e Polyvalent Raynouard\" \/>\n<meta property=\"og:description\" content=\"Projet interdisciplinaire Lettres \/ Sciences de la Vie et de la Terre Travaux d&rsquo;\u00e9criture sur diff\u00e9rents supports et sorties culturelles croisant Lettres et Sciences&#8230; Concours photos: Bestioles Merci \u00e0 tous les participants au concours photos&#8230;Vous pourrez retrouver ci dessous les contributions !\" \/>\n<meta property=\"og:url\" content=\"https:\/\/lycee-raynouard.fr\/\" \/>\n<meta property=\"og:site_name\" content=\"Lyc\u00e9e Polyvalent Raynouard\" \/>\n<meta property=\"article:modified_time\" content=\"2026-03-13T15:31:06+00:00\" \/>\n<meta property=\"og:image\" content=\"https:\/\/lycee-raynouard.fr\/wp-content\/uploads\/2023\/11\/IMG-20231019-WA0001-986x1024.jpg\" \/>\n<meta name=\"twitter:card\" content=\"summary_large_image\" \/>\n<meta name=\"twitter:label1\" content=\"Dur\u00e9e de lecture estim\u00e9e\" \/>\n\t<meta name=\"twitter:data1\" content=\"1 minute\" \/>\n<script type=\"application\/ld+json\" class=\"yoast-schema-graph\">{\"@context\":\"https:\/\/schema.org\",\"@graph\":[{\"@type\":\"WebPage\",\"@id\":\"https:\/\/lycee-raynouard.fr\/\",\"url\":\"https:\/\/lycee-raynouard.fr\/\",\"name\":\"Au lyc\u00e9e Raynouard - Lyc\u00e9e Polyvalent Raynouard\",\"isPartOf\":{\"@id\":\"https:\/\/lycee-raynouard.fr\/#website\"},\"primaryImageOfPage\":{\"@id\":\"https:\/\/lycee-raynouard.fr\/#primaryimage\"},\"image\":{\"@id\":\"https:\/\/lycee-raynouard.fr\/#primaryimage\"},\"thumbnailUrl\":\"https:\/\/lycee-raynouard.fr\/wp-content\/uploads\/2023\/11\/IMG-20231019-WA0001-986x1024.jpg\",\"datePublished\":\"2020-06-03T06:00:00+00:00\",\"dateModified\":\"2026-03-13T15:31:06+00:00\",\"breadcrumb\":{\"@id\":\"https:\/\/lycee-raynouard.fr\/#breadcrumb\"},\"inLanguage\":\"fr-FR\",\"potentialAction\":[{\"@type\":\"ReadAction\",\"target\":[\"https:\/\/lycee-raynouard.fr\/\"]}]},{\"@type\":\"ImageObject\",\"inLanguage\":\"fr-FR\",\"@id\":\"https:\/\/lycee-raynouard.fr\/#primaryimage\",\"url\":\"https:\/\/lycee-raynouard.fr\/wp-content\/uploads\/2023\/11\/IMG-20231019-WA0001.jpg\",\"contentUrl\":\"https:\/\/lycee-raynouard.fr\/wp-content\/uploads\/2023\/11\/IMG-20231019-WA0001.jpg\",\"width\":1230,\"height\":1277},{\"@type\":\"BreadcrumbList\",\"@id\":\"https:\/\/lycee-raynouard.fr\/#breadcrumb\",\"itemListElement\":[{\"@type\":\"ListItem\",\"position\":1,\"name\":\"Accueil\",\"item\":\"https:\/\/lycee-raynouard.fr\/\"},{\"@type\":\"ListItem\",\"position\":2,\"name\":\"Au lyc\u00e9e Raynouard\"}]},{\"@type\":\"WebSite\",\"@id\":\"https:\/\/lycee-raynouard.fr\/#website\",\"url\":\"https:\/\/lycee-raynouard.fr\/\",\"name\":\"Lyc\u00e9e Polyvalent Raynouard\",\"description\":\"Brignoles\",\"potentialAction\":[{\"@type\":\"SearchAction\",\"target\":{\"@type\":\"EntryPoint\",\"urlTemplate\":\"https:\/\/lycee-raynouard.fr\/?s={search_term_string}\"},\"query-input\":{\"@type\":\"PropertyValueSpecification\",\"valueRequired\":true,\"valueName\":\"search_term_string\"}}],\"inLanguage\":\"fr-FR\"}]}<\/script>\n<!-- \/ Yoast SEO plugin. -->","yoast_head_json":{"title":"Au lyc\u00e9e Raynouard - Lyc\u00e9e Polyvalent Raynouard","robots":{"index":"index","follow":"follow","max-snippet":"max-snippet:-1","max-image-preview":"max-image-preview:large","max-video-preview":"max-video-preview:-1"},"canonical":"https:\/\/lycee-raynouard.fr\/","og_locale":"fr_FR","og_type":"article","og_title":"Au lyc\u00e9e Raynouard - Lyc\u00e9e Polyvalent Raynouard","og_description":"Projet interdisciplinaire Lettres \/ Sciences de la Vie et de la Terre Travaux d&rsquo;\u00e9criture sur diff\u00e9rents supports et sorties culturelles croisant Lettres et Sciences&#8230; Concours photos: Bestioles Merci \u00e0 tous les participants au concours photos&#8230;Vous pourrez retrouver ci dessous les contributions !","og_url":"https:\/\/lycee-raynouard.fr\/","og_site_name":"Lyc\u00e9e Polyvalent Raynouard","article_modified_time":"2026-03-13T15:31:06+00:00","og_image":[{"url":"https:\/\/lycee-raynouard.fr\/wp-content\/uploads\/2023\/11\/IMG-20231019-WA0001-986x1024.jpg","type":"","width":"","height":""}],"twitter_card":"summary_large_image","twitter_misc":{"Dur\u00e9e de lecture estim\u00e9e":"1 minute"},"schema":{"@context":"https:\/\/schema.org","@graph":[{"@type":"WebPage","@id":"https:\/\/lycee-raynouard.fr\/","url":"https:\/\/lycee-raynouard.fr\/","name":"Au lyc\u00e9e Raynouard - Lyc\u00e9e Polyvalent Raynouard","isPartOf":{"@id":"https:\/\/lycee-raynouard.fr\/#website"},"primaryImageOfPage":{"@id":"https:\/\/lycee-raynouard.fr\/#primaryimage"},"image":{"@id":"https:\/\/lycee-raynouard.fr\/#primaryimage"},"thumbnailUrl":"https:\/\/lycee-raynouard.fr\/wp-content\/uploads\/2023\/11\/IMG-20231019-WA0001-986x1024.jpg","datePublished":"2020-06-03T06:00:00+00:00","dateModified":"2026-03-13T15:31:06+00:00","breadcrumb":{"@id":"https:\/\/lycee-raynouard.fr\/#breadcrumb"},"inLanguage":"fr-FR","potentialAction":[{"@type":"ReadAction","target":["https:\/\/lycee-raynouard.fr\/"]}]},{"@type":"ImageObject","inLanguage":"fr-FR","@id":"https:\/\/lycee-raynouard.fr\/#primaryimage","url":"https:\/\/lycee-raynouard.fr\/wp-content\/uploads\/2023\/11\/IMG-20231019-WA0001.jpg","contentUrl":"https:\/\/lycee-raynouard.fr\/wp-content\/uploads\/2023\/11\/IMG-20231019-WA0001.jpg","width":1230,"height":1277},{"@type":"BreadcrumbList","@id":"https:\/\/lycee-raynouard.fr\/#breadcrumb","itemListElement":[{"@type":"ListItem","position":1,"name":"Accueil","item":"https:\/\/lycee-raynouard.fr\/"},{"@type":"ListItem","position":2,"name":"Au lyc\u00e9e Raynouard"}]},{"@type":"WebSite","@id":"https:\/\/lycee-raynouard.fr\/#website","url":"https:\/\/lycee-raynouard.fr\/","name":"Lyc\u00e9e Polyvalent Raynouard","description":"Brignoles","potentialAction":[{"@type":"SearchAction","target":{"@type":"EntryPoint","urlTemplate":"https:\/\/lycee-raynouard.fr\/?s={search_term_string}"},"query-input":{"@type":"PropertyValueSpecification","valueRequired":true,"valueName":"search_term_string"}}],"inLanguage":"fr-FR"}]}},"uagb_featured_image_src":{"full":false,"thumbnail":false,"medium":false,"medium_large":false,"large":false,"1536x1536":false,"2048x2048":false,"graphene_slider":false,"graphene_featured_image":false,"post-thumbnail":false,"mailpoet_newsletter_max":false},"uagb_author_info":{"display_name":"adminray","author_link":"https:\/\/lycee-raynouard.fr\/index.php\/author\/adminray\/"},"uagb_comment_info":0,"uagb_excerpt":"Projet interdisciplinaire Lettres \/ Sciences de la Vie et de la Terre Travaux d&rsquo;\u00e9criture sur diff\u00e9rents supports et sorties culturelles croisant Lettres et Sciences&#8230; Concours photos: Bestioles Merci \u00e0 tous les participants au concours photos&#8230;Vous pourrez retrouver ci dessous les contributions !","coauthors":[],"author_meta":{"author_link":"https:\/\/lycee-raynouard.fr\/index.php\/author\/adminray\/","display_name":"adminray"},"relative_dates":{"created":"Publi\u00e9 6 ans il y a","modified":"Mis \u00e0 jour 2 mois il y a"},"absolute_dates":{"created":"Publi\u00e9 le 3 juin 2020","modified":"Mise \u00e0 jour le 13 mars 2026"},"absolute_dates_time":{"created":"Publi\u00e9 le 3 juin 2020 8 h 00 min","modified":"Mise \u00e0 jour le 13 mars 2026 16 h 31 min"},"featured_img_caption":"","featured_img":false,"series_order":"","_links":{"self":[{"href":"https:\/\/lycee-raynouard.fr\/index.php\/wp-json\/wp\/v2\/pages\/2832","targetHints":{"allow":["GET"]}}],"collection":[{"href":"https:\/\/lycee-raynouard.fr\/index.php\/wp-json\/wp\/v2\/pages"}],"about":[{"href":"https:\/\/lycee-raynouard.fr\/index.php\/wp-json\/wp\/v2\/types\/page"}],"author":[{"embeddable":true,"href":"https:\/\/lycee-raynouard.fr\/index.php\/wp-json\/wp\/v2\/users\/1"}],"replies":[{"embeddable":true,"href":"https:\/\/lycee-raynouard.fr\/index.php\/wp-json\/wp\/v2\/comments?post=2832"}],"version-history":[{"count":233,"href":"https:\/\/lycee-raynouard.fr\/index.php\/wp-json\/wp\/v2\/pages\/2832\/revisions"}],"predecessor-version":[{"id":5668,"href":"https:\/\/lycee-raynouard.fr\/index.php\/wp-json\/wp\/v2\/pages\/2832\/revisions\/5668"}],"wp:attachment":[{"href":"https:\/\/lycee-raynouard.fr\/index.php\/wp-json\/wp\/v2\/media?parent=2832"}],"curies":[{"name":"wp","href":"https:\/\/api.w.org\/{rel}","templated":true}]}}