{"id":2972,"date":"2020-03-02T14:46:26","date_gmt":"2020-03-02T13:46:26","guid":{"rendered":"http:\/\/lycee-raynouard.fr\/?page_id=2972"},"modified":"2021-02-03T11:45:50","modified_gmt":"2021-02-03T10:45:50","slug":"la-section-europeenne-en-lycee-professionnel","status":"publish","type":"page","link":"https:\/\/lycee-raynouard.fr\/index.php\/la-section-europeenne-en-lycee-professionnel\/","title":{"rendered":"La section europ\u00e9enne en lyc\u00e9e professionnel"},"content":{"rendered":"\n<div class=\"wp-block-cover has-background-dim aligncenter\" style=\"background-color:#3b3749;min-height:105px;aspect-ratio:unset;\"><img loading=\"lazy\" decoding=\"async\" width=\"676\" height=\"380\" class=\"wp-block-cover__image-background wp-image-2419\" alt=\"\" src=\"https:\/\/lycee-raynouard.fr\/wp-content\/uploads\/2019\/03\/englishflag.png\" data-object-fit=\"cover\" srcset=\"https:\/\/lycee-raynouard.fr\/wp-content\/uploads\/2019\/03\/englishflag.png 676w, https:\/\/lycee-raynouard.fr\/wp-content\/uploads\/2019\/03\/englishflag-300x169.png 300w\" sizes=\"auto, (max-width: 676px) 100vw, 676px\" \/><div class=\"wp-block-cover__inner-container is-layout-flow wp-block-cover-is-layout-flow\">\n<p class=\"has-text-align-center\" style=\"font-size:30px\">European Section: Be Happy !<\/p>\n<\/div><\/div>\n\n\n\n<div class=\"wp-block-advgb-accordions advgb-accordion-wrapper\" data-collapsed=\"true\">\n<div class=\"wp-block-advgb-accordion-item advgb-accordion-item\" style=\"margin-bottom:15px\"><div class=\"advgb-accordion-header\" style=\"background-color:#08105e;color:#ffffff;border-style:solid;border-radius:2px\"><span class=\"advgb-accordion-header-icon\"><svg fill=\"#ffffff\" xmlns=\"http:\/\/www.w3.org\/2000\/svg\" width=\"24\" height=\"24\" viewbox=\"0 0 24 24\"><path fill=\"none\" d=\"M0,0h24v24H0V0z\"><\/path><path d=\"M12,5.83L15.17,9l1.41-1.41L12,3L7.41,7.59L8.83,9L12,5.83z M12,18.17L8.83,15l-1.41,1.41L12,21l4.59-4.59L15.17,15 L12,18.17z\"><\/path><\/svg><\/span><h4 class=\"advgb-accordion-header-title\" style=\"color:inherit\">Qu&rsquo;est ce qu&rsquo;une section europ\u00e9enne en lyc\u00e9e pro ?<\/h4><\/div><div class=\"advgb-accordion-body\" style=\"border-style:solid !important;border-color:undefined !important;border-top:none !important;border-radius:2px !important\">\n<p>Une section europ\u00e9enne est un dispositif p\u00e9dagogique qui permet aux \u00e9l\u00e8ves de renforcer leurs comp\u00e9tences linguistiques et leur ouverture sur le monde.<\/p>\n\n\n\n<p>Au lyc\u00e9e <strong>Raynouard<\/strong>, la langue de la section europ\u00e9enne est l&rsquo;anglais.<\/p>\n<\/div><\/div>\n\n\n\n<div class=\"wp-block-advgb-accordion-item advgb-accordion-item\" style=\"margin-bottom:15px\"><div class=\"advgb-accordion-header\" style=\"background-color:#08105e;color:#ffffff;border-style:solid;border-radius:2px\"><span class=\"advgb-accordion-header-icon\"><svg fill=\"#ffffff\" xmlns=\"http:\/\/www.w3.org\/2000\/svg\" width=\"24\" height=\"24\" viewbox=\"0 0 24 24\"><path fill=\"none\" d=\"M0,0h24v24H0V0z\"><\/path><path d=\"M12,5.83L15.17,9l1.41-1.41L12,3L7.41,7.59L8.83,9L12,5.83z M12,18.17L8.83,15l-1.41,1.41L12,21l4.59-4.59L15.17,15 L12,18.17z\"><\/path><\/svg><\/span><h4 class=\"advgb-accordion-header-title\" style=\"color:inherit\">Quels b\u00e9n\u00e9fices pour l&rsquo;\u00e9l\u00e8ve ?<\/h4><\/div><div class=\"advgb-accordion-body\" style=\"border-style:solid !important;border-color:undefined !important;border-top:none !important;border-radius:2px !important\">\n<div class=\"wp-block-image\"><figure class=\"alignright size-large\"><img loading=\"lazy\" decoding=\"async\" width=\"150\" height=\"122\" src=\"https:\/\/lycee-raynouard.fr\/wp-content\/uploads\/2021\/02\/europass.png\" alt=\"\" class=\"wp-image-3533\"\/><\/figure><\/div>\n\n\n\n<p>C\u2019est une reconnaissance nationale officielle port\u00e9e sur le dipl\u00f4me du baccalaur\u00e9at professionnel<\/p>\n\n\n\n<p>Accro\u00eetre leur motivation et leurs chances de r\u00e9ussite dans l&rsquo;apprentissage de l&rsquo;anglais gr\u00e2ce \u00e0 la pratique professionnelle et l&rsquo;acquisition d&rsquo;un langage technique sp\u00e9cifique \u00e0 la profession<\/p>\n\n\n\n<p>Faciliter leur insertion professionnelle et les pr\u00e9parer \u00e0 une r\u00e9elle mobilit\u00e9 professionnelle internationale face aux nouvelles exigences d&rsquo;un monde \u00e9conomique en mutation permanente.<\/p>\n<\/div><\/div>\n\n\n\n<div class=\"wp-block-advgb-accordion-item advgb-accordion-item\" style=\"margin-bottom:15px\"><div class=\"advgb-accordion-header\" style=\"background-color:#08105e;color:#ffffff;border-style:solid;border-radius:2px\"><span class=\"advgb-accordion-header-icon\"><svg fill=\"#ffffff\" xmlns=\"http:\/\/www.w3.org\/2000\/svg\" width=\"24\" height=\"24\" viewbox=\"0 0 24 24\"><path fill=\"none\" d=\"M0,0h24v24H0V0z\"><\/path><path d=\"M12,5.83L15.17,9l1.41-1.41L12,3L7.41,7.59L8.83,9L12,5.83z M12,18.17L8.83,15l-1.41,1.41L12,21l4.59-4.59L15.17,15 L12,18.17z\"><\/path><\/svg><\/span><h4 class=\"advgb-accordion-header-title\" style=\"color:inherit\">le fonctionnement:<\/h4><\/div><div class=\"advgb-accordion-body\" style=\"border-style:solid !important;border-color:undefined !important;border-top:none !important;border-radius:2px !important\">\n<ul class=\"wp-block-list\"><li>Pratique de l&rsquo;anglais dans une \u00ab\u00a0discipline non linguistique\u00a0\u00bb c&rsquo;est \u00e0 dire le commerce, la vente et l&rsquo;accueil en langue anglaise par un enseignant de sp\u00e9cialit\u00e9 habilit\u00e9.<\/li><li>Renforcement linguistique en anglais par un horaire hebdomadaire et une importance donn\u00e9e \u00e0 la communication orale.<\/li><li>immersion en langue anglaise dans le cadre de stages \u00e0 l&rsquo;\u00e9tranger<\/li><li>divers voyages et sorties en rapport avec la section europ\u00e9enne.<\/li><li>des ateliers ayant pour objectifs de faire acqu\u00e9rir une connaissance approfondie des pays et des cultures o\u00f9 la langue est parl\u00e9e.<\/li><\/ul>\n<\/div><\/div>\n\n\n\n<div class=\"wp-block-advgb-accordion-item advgb-accordion-item\" style=\"margin-bottom:15px\"><div class=\"advgb-accordion-header\" style=\"background-color:#08105e;color:#ffffff;border-style:solid;border-radius:2px\"><span class=\"advgb-accordion-header-icon\"><svg fill=\"#ffffff\" xmlns=\"http:\/\/www.w3.org\/2000\/svg\" width=\"24\" height=\"24\" viewbox=\"0 0 24 24\"><path fill=\"none\" d=\"M0,0h24v24H0V0z\"><\/path><path d=\"M12,5.83L15.17,9l1.41-1.41L12,3L7.41,7.59L8.83,9L12,5.83z M12,18.17L8.83,15l-1.41,1.41L12,21l4.59-4.59L15.17,15 L12,18.17z\"><\/path><\/svg><\/span><h4 class=\"advgb-accordion-header-title\" style=\"color:inherit\">comment int\u00e9grer la section ?<\/h4><\/div><div class=\"advgb-accordion-body\" style=\"border-style:solid !important;border-color:undefined !important;border-top:none !important;border-radius:2px !important\">\n<ul class=\"wp-block-list\"><li>faire preuve de curiosit\u00e9 et d&rsquo;int\u00e9r\u00eat pour la culture, la langue anglaise et l&rsquo;ouverture \u00e0 l&rsquo;international.<\/li><li>\u00eatre motiv\u00e9 et s\u00e9rieux dans son travail<\/li><li>s&rsquo;impliquer dans cette formation et s&rsquo;y engager<\/li><li>\u00eatre volontaire et dynamique<\/li><\/ul>\n<\/div><\/div>\n\n\n\n<div class=\"wp-block-advgb-accordion-item advgb-accordion-item\" style=\"margin-bottom:15px\"><div class=\"advgb-accordion-header\" style=\"background-color:#08105e;color:#ffffff;border-style:solid;border-radius:2px\"><span class=\"advgb-accordion-header-icon\"><svg fill=\"#ffffff\" xmlns=\"http:\/\/www.w3.org\/2000\/svg\" width=\"24\" height=\"24\" viewbox=\"0 0 24 24\"><path fill=\"none\" d=\"M0,0h24v24H0V0z\"><\/path><path d=\"M12,5.83L15.17,9l1.41-1.41L12,3L7.41,7.59L8.83,9L12,5.83z M12,18.17L8.83,15l-1.41,1.41L12,21l4.59-4.59L15.17,15 L12,18.17z\"><\/path><\/svg><\/span><h4 class=\"advgb-accordion-header-title\" style=\"color:inherit\">modalit\u00e9s d&rsquo;inscription<\/h4><\/div><div class=\"advgb-accordion-body\" style=\"border-style:solid !important;border-color:undefined !important;border-top:none !important;border-radius:2px !important\">\n<p>Compl\u00e9ter la fiche de candidature \u00ab\u00a0section europ\u00e9enne- lyc\u00e9e professionnel\u00a0\u00bb.<\/p>\n\n\n\n<p>Les demandes seront examin\u00e9es par les professeurs concern\u00e9s.<\/p>\n\n\n\n<ul class=\"wp-block-list\"><li>Septembre: fiche de candidature, r\u00e9union et demandes examin\u00e9es lors d&rsquo;entretiens individuels<\/li><li>Octobre: d\u00e9but des cours<\/li><\/ul>\n\n\n\n<hr class=\"wp-block-separator has-text-color has-background has-vivid-cyan-blue-background-color has-vivid-cyan-blue-color is-style-wide\"\/>\n\n\n\n<div class=\"wp-block-uagb-info-box uagb-infobox__outer-wrap uagb-block-d9ce3f04\"><div class=\"uagb-infobox__content-wrap uagb-infobox uagb-infobox-has-icon uagb-infobox-icon-above-title uagb-infobox-image-valign-top uagb-infobox-enable-border-radius \"><div class=\"uagb-ifb-left-right-wrap\"><div class=\"uagb-ifb-content\"><div class=\"uagb-ifb-image-icon-content uagb-ifb-imgicon-wrap\"><div class=\"uagb-ifb-icon-wrap\"><span class=\"uagb-ifb-icon\"><svg xmlns=\"http:\/\/www.w3.org\/2000\/svg\" viewbox=\"0 0 576 512\"><path d=\"M259.3 17.8L194 150.2 47.9 171.5c-26.2 3.8-36.7 36.1-17.7 54.6l105.7 103-25 145.5c-4.5 26.3 23.2 46 46.4 33.7L288 439.6l130.7 68.7c23.2 12.2 50.9-7.4 46.4-33.7l-25-145.5 105.7-103c19-18.5 8.5-50.8-17.7-54.6L382 150.2 316.7 17.8c-11.7-23.6-45.6-23.9-57.4 0z\"><\/path><\/svg><\/span><\/div><\/div><div class=\"uagb-ifb-title-wrap\"><span class=\"uagb-ifb-title-prefix\">fonctionnement<\/span><h3 class=\"uagb-ifb-title\">Pour quelles classes ?<\/h3><\/div><div class=\"uagb-ifb-separator-parent\"><div class=\"uagb-ifb-separator\"><\/div><\/div><div class=\"uagb-ifb-text-wrap\"><p class=\"uagb-ifb-desc\"><strong>Classes de seconde MRC et AGOrA<\/strong><br><strong>Premi\u00e8res et terminales des bacs professionnels<\/strong>:<br>   <strong>M\u00e9tiers de L\u2019ACCUEIL<\/strong><br>   <strong>M\u00e9tiers du COMMERCE et de la VENTE option A et option B<\/strong><br>   <strong>GESTION ADMINISTRATION et AGOrA<\/strong><br><\/p><\/div><\/div><\/div><\/div><\/div>\n<\/div><\/div>\n<\/div>\n\n\n\n<p><\/p>\n","protected":false},"excerpt":{"rendered":"","protected":false},"author":1,"featured_media":0,"parent":0,"menu_order":0,"comment_status":"closed","ping_status":"closed","template":"","meta":{"_uag_custom_page_level_css":"","advgb_blocks_editor_width":"","advgb_blocks_columns_visual_guide":"","ngg_post_thumbnail":0,"footnotes":""},"class_list":["post-2972","page","type-page","status-publish","hentry","nodate","item-wrap"],"yoast_head":"<!-- This site is optimized with the Yoast SEO plugin v25.8 - https:\/\/yoast.com\/wordpress\/plugins\/seo\/ -->\n<title>La section europ\u00e9enne en lyc\u00e9e professionnel - Lyc\u00e9e Polyvalent Raynouard<\/title>\n<meta name=\"robots\" content=\"index, follow, max-snippet:-1, max-image-preview:large, max-video-preview:-1\" \/>\n<link rel=\"canonical\" href=\"https:\/\/lycee-raynouard.fr\/index.php\/la-section-europeenne-en-lycee-professionnel\/\" \/>\n<meta property=\"og:locale\" content=\"fr_FR\" \/>\n<meta property=\"og:type\" content=\"article\" \/>\n<meta property=\"og:title\" content=\"La section europ\u00e9enne en lyc\u00e9e professionnel - Lyc\u00e9e Polyvalent Raynouard\" \/>\n<meta property=\"og:url\" content=\"https:\/\/lycee-raynouard.fr\/index.php\/la-section-europeenne-en-lycee-professionnel\/\" \/>\n<meta property=\"og:site_name\" content=\"Lyc\u00e9e Polyvalent Raynouard\" \/>\n<meta property=\"article:modified_time\" content=\"2021-02-03T10:45:50+00:00\" \/>\n<meta property=\"og:image\" content=\"https:\/\/lycee-raynouard.fr\/wp-content\/uploads\/2019\/03\/englishflag.png\" \/>\n\t<meta property=\"og:image:width\" content=\"676\" \/>\n\t<meta property=\"og:image:height\" content=\"380\" \/>\n\t<meta property=\"og:image:type\" content=\"image\/png\" \/>\n<meta name=\"twitter:card\" content=\"summary_large_image\" \/>\n<meta name=\"twitter:label1\" content=\"Dur\u00e9e de lecture estim\u00e9e\" \/>\n\t<meta name=\"twitter:data1\" content=\"2 minutes\" \/>\n<script type=\"application\/ld+json\" class=\"yoast-schema-graph\">{\"@context\":\"https:\/\/schema.org\",\"@graph\":[{\"@type\":\"WebPage\",\"@id\":\"https:\/\/lycee-raynouard.fr\/index.php\/la-section-europeenne-en-lycee-professionnel\/\",\"url\":\"https:\/\/lycee-raynouard.fr\/index.php\/la-section-europeenne-en-lycee-professionnel\/\",\"name\":\"La section europ\u00e9enne en lyc\u00e9e professionnel - Lyc\u00e9e Polyvalent Raynouard\",\"isPartOf\":{\"@id\":\"https:\/\/lycee-raynouard.fr\/#website\"},\"primaryImageOfPage\":{\"@id\":\"https:\/\/lycee-raynouard.fr\/index.php\/la-section-europeenne-en-lycee-professionnel\/#primaryimage\"},\"image\":{\"@id\":\"https:\/\/lycee-raynouard.fr\/index.php\/la-section-europeenne-en-lycee-professionnel\/#primaryimage\"},\"thumbnailUrl\":\"https:\/\/lycee-raynouard.fr\/wp-content\/uploads\/2019\/03\/englishflag.png\",\"datePublished\":\"2020-03-02T13:46:26+00:00\",\"dateModified\":\"2021-02-03T10:45:50+00:00\",\"breadcrumb\":{\"@id\":\"https:\/\/lycee-raynouard.fr\/index.php\/la-section-europeenne-en-lycee-professionnel\/#breadcrumb\"},\"inLanguage\":\"fr-FR\",\"potentialAction\":[{\"@type\":\"ReadAction\",\"target\":[\"https:\/\/lycee-raynouard.fr\/index.php\/la-section-europeenne-en-lycee-professionnel\/\"]}]},{\"@type\":\"ImageObject\",\"inLanguage\":\"fr-FR\",\"@id\":\"https:\/\/lycee-raynouard.fr\/index.php\/la-section-europeenne-en-lycee-professionnel\/#primaryimage\",\"url\":\"https:\/\/lycee-raynouard.fr\/wp-content\/uploads\/2019\/03\/englishflag.png\",\"contentUrl\":\"https:\/\/lycee-raynouard.fr\/wp-content\/uploads\/2019\/03\/englishflag.png\",\"width\":676,\"height\":380},{\"@type\":\"BreadcrumbList\",\"@id\":\"https:\/\/lycee-raynouard.fr\/index.php\/la-section-europeenne-en-lycee-professionnel\/#breadcrumb\",\"itemListElement\":[{\"@type\":\"ListItem\",\"position\":1,\"name\":\"Accueil\",\"item\":\"https:\/\/lycee-raynouard.fr\/\"},{\"@type\":\"ListItem\",\"position\":2,\"name\":\"La section europ\u00e9enne en lyc\u00e9e professionnel\"}]},{\"@type\":\"WebSite\",\"@id\":\"https:\/\/lycee-raynouard.fr\/#website\",\"url\":\"https:\/\/lycee-raynouard.fr\/\",\"name\":\"Lyc\u00e9e Polyvalent Raynouard\",\"description\":\"Brignoles\",\"potentialAction\":[{\"@type\":\"SearchAction\",\"target\":{\"@type\":\"EntryPoint\",\"urlTemplate\":\"https:\/\/lycee-raynouard.fr\/?s={search_term_string}\"},\"query-input\":{\"@type\":\"PropertyValueSpecification\",\"valueRequired\":true,\"valueName\":\"search_term_string\"}}],\"inLanguage\":\"fr-FR\"}]}<\/script>\n<!-- \/ Yoast SEO plugin. -->","yoast_head_json":{"title":"La section europ\u00e9enne en lyc\u00e9e professionnel - Lyc\u00e9e Polyvalent Raynouard","robots":{"index":"index","follow":"follow","max-snippet":"max-snippet:-1","max-image-preview":"max-image-preview:large","max-video-preview":"max-video-preview:-1"},"canonical":"https:\/\/lycee-raynouard.fr\/index.php\/la-section-europeenne-en-lycee-professionnel\/","og_locale":"fr_FR","og_type":"article","og_title":"La section europ\u00e9enne en lyc\u00e9e professionnel - Lyc\u00e9e Polyvalent Raynouard","og_url":"https:\/\/lycee-raynouard.fr\/index.php\/la-section-europeenne-en-lycee-professionnel\/","og_site_name":"Lyc\u00e9e Polyvalent Raynouard","article_modified_time":"2021-02-03T10:45:50+00:00","og_image":[{"width":676,"height":380,"url":"https:\/\/lycee-raynouard.fr\/wp-content\/uploads\/2019\/03\/englishflag.png","type":"image\/png"}],"twitter_card":"summary_large_image","twitter_misc":{"Dur\u00e9e de lecture estim\u00e9e":"2 minutes"},"schema":{"@context":"https:\/\/schema.org","@graph":[{"@type":"WebPage","@id":"https:\/\/lycee-raynouard.fr\/index.php\/la-section-europeenne-en-lycee-professionnel\/","url":"https:\/\/lycee-raynouard.fr\/index.php\/la-section-europeenne-en-lycee-professionnel\/","name":"La section europ\u00e9enne en lyc\u00e9e professionnel - Lyc\u00e9e Polyvalent Raynouard","isPartOf":{"@id":"https:\/\/lycee-raynouard.fr\/#website"},"primaryImageOfPage":{"@id":"https:\/\/lycee-raynouard.fr\/index.php\/la-section-europeenne-en-lycee-professionnel\/#primaryimage"},"image":{"@id":"https:\/\/lycee-raynouard.fr\/index.php\/la-section-europeenne-en-lycee-professionnel\/#primaryimage"},"thumbnailUrl":"https:\/\/lycee-raynouard.fr\/wp-content\/uploads\/2019\/03\/englishflag.png","datePublished":"2020-03-02T13:46:26+00:00","dateModified":"2021-02-03T10:45:50+00:00","breadcrumb":{"@id":"https:\/\/lycee-raynouard.fr\/index.php\/la-section-europeenne-en-lycee-professionnel\/#breadcrumb"},"inLanguage":"fr-FR","potentialAction":[{"@type":"ReadAction","target":["https:\/\/lycee-raynouard.fr\/index.php\/la-section-europeenne-en-lycee-professionnel\/"]}]},{"@type":"ImageObject","inLanguage":"fr-FR","@id":"https:\/\/lycee-raynouard.fr\/index.php\/la-section-europeenne-en-lycee-professionnel\/#primaryimage","url":"https:\/\/lycee-raynouard.fr\/wp-content\/uploads\/2019\/03\/englishflag.png","contentUrl":"https:\/\/lycee-raynouard.fr\/wp-content\/uploads\/2019\/03\/englishflag.png","width":676,"height":380},{"@type":"BreadcrumbList","@id":"https:\/\/lycee-raynouard.fr\/index.php\/la-section-europeenne-en-lycee-professionnel\/#breadcrumb","itemListElement":[{"@type":"ListItem","position":1,"name":"Accueil","item":"https:\/\/lycee-raynouard.fr\/"},{"@type":"ListItem","position":2,"name":"La section europ\u00e9enne en lyc\u00e9e professionnel"}]},{"@type":"WebSite","@id":"https:\/\/lycee-raynouard.fr\/#website","url":"https:\/\/lycee-raynouard.fr\/","name":"Lyc\u00e9e Polyvalent Raynouard","description":"Brignoles","potentialAction":[{"@type":"SearchAction","target":{"@type":"EntryPoint","urlTemplate":"https:\/\/lycee-raynouard.fr\/?s={search_term_string}"},"query-input":{"@type":"PropertyValueSpecification","valueRequired":true,"valueName":"search_term_string"}}],"inLanguage":"fr-FR"}]}},"uagb_featured_image_src":{"full":false,"thumbnail":false,"medium":false,"medium_large":false,"large":false,"1536x1536":false,"2048x2048":false,"graphene_slider":false,"graphene_featured_image":false,"post-thumbnail":false,"mailpoet_newsletter_max":false},"uagb_author_info":{"display_name":"adminray","author_link":"https:\/\/lycee-raynouard.fr\/index.php\/author\/adminray\/"},"uagb_comment_info":0,"uagb_excerpt":null,"coauthors":[],"author_meta":{"author_link":"https:\/\/lycee-raynouard.fr\/index.php\/author\/adminray\/","display_name":"adminray"},"relative_dates":{"created":"Publi\u00e9 6 ans il y a","modified":"Mis \u00e0 jour 5 ans il y a"},"absolute_dates":{"created":"Publi\u00e9 le 2 mars 2020","modified":"Mise \u00e0 jour le 3 f\u00e9vrier 2021"},"absolute_dates_time":{"created":"Publi\u00e9 le 2 mars 2020 14 h 46 min","modified":"Mise \u00e0 jour le 3 f\u00e9vrier 2021 11 h 45 min"},"featured_img_caption":"","featured_img":false,"series_order":"","_links":{"self":[{"href":"https:\/\/lycee-raynouard.fr\/index.php\/wp-json\/wp\/v2\/pages\/2972","targetHints":{"allow":["GET"]}}],"collection":[{"href":"https:\/\/lycee-raynouard.fr\/index.php\/wp-json\/wp\/v2\/pages"}],"about":[{"href":"https:\/\/lycee-raynouard.fr\/index.php\/wp-json\/wp\/v2\/types\/page"}],"author":[{"embeddable":true,"href":"https:\/\/lycee-raynouard.fr\/index.php\/wp-json\/wp\/v2\/users\/1"}],"replies":[{"embeddable":true,"href":"https:\/\/lycee-raynouard.fr\/index.php\/wp-json\/wp\/v2\/comments?post=2972"}],"version-history":[{"count":8,"href":"https:\/\/lycee-raynouard.fr\/index.php\/wp-json\/wp\/v2\/pages\/2972\/revisions"}],"predecessor-version":[{"id":3536,"href":"https:\/\/lycee-raynouard.fr\/index.php\/wp-json\/wp\/v2\/pages\/2972\/revisions\/3536"}],"wp:attachment":[{"href":"https:\/\/lycee-raynouard.fr\/index.php\/wp-json\/wp\/v2\/media?parent=2972"}],"curies":[{"name":"wp","href":"https:\/\/api.w.org\/{rel}","templated":true}]}}