{"id":5043,"date":"2024-02-09T18:58:29","date_gmt":"2024-02-09T17:58:29","guid":{"rendered":"https:\/\/lycee-raynouard.fr\/?page_id=5043"},"modified":"2026-08-24T15:32:21","modified_gmt":"2026-08-24T13:32:21","slug":"theatre","status":"publish","type":"page","link":"https:\/\/lycee-raynouard.fr\/index.php\/theatre\/","title":{"rendered":"Option Th\u00e9atre"},"content":{"rendered":"\n<p class=\"wp-block-paragraph\">Au fil de leur parcours, les \u00e9l\u00e8ves d\u00e9couvrent de nombreuses \u0153uvres et participent \u00e0 plusieurs productions th\u00e9\u00e2trales. Chaque spectacle est l&rsquo;occasion de progresser, d&rsquo;approfondir leur culture th\u00e9\u00e2trale et de vivre une v\u00e9ritable exp\u00e9rience de sc\u00e8ne.<\/p>\n\n\n\n<div class=\"wp-block-group is-horizontal is-content-justification-left is-nowrap is-layout-flex wp-container-core-group-is-layout-36ec93ba wp-block-group-is-layout-flex advgb-dyn-f2a6aa86\">\n<div class=\"wp-block-media-text is-stacked-on-mobile is-vertically-aligned-center\" style=\"grid-template-columns:40% auto\"><figure class=\"wp-block-media-text__media\"><img loading=\"lazy\" decoding=\"async\" width=\"1024\" height=\"576\" src=\"https:\/\/lycee-raynouard.fr\/wp-content\/uploads\/2026\/07\/Capture-decran-2026-07-06-163821-1024x576.png\" alt=\"\" class=\"wp-image-6103 size-full\" srcset=\"https:\/\/lycee-raynouard.fr\/wp-content\/uploads\/2026\/07\/Capture-decran-2026-07-06-163821-1024x576.png 1024w, https:\/\/lycee-raynouard.fr\/wp-content\/uploads\/2026\/07\/Capture-decran-2026-07-06-163821-300x169.png 300w, https:\/\/lycee-raynouard.fr\/wp-content\/uploads\/2026\/07\/Capture-decran-2026-07-06-163821-768x432.png 768w, https:\/\/lycee-raynouard.fr\/wp-content\/uploads\/2026\/07\/Capture-decran-2026-07-06-163821-1536x864.png 1536w, https:\/\/lycee-raynouard.fr\/wp-content\/uploads\/2026\/07\/Capture-decran-2026-07-06-163821-1370x770.png 1370w, https:\/\/lycee-raynouard.fr\/wp-content\/uploads\/2026\/07\/Capture-decran-2026-07-06-163821-1320x742.png 1320w, https:\/\/lycee-raynouard.fr\/wp-content\/uploads\/2026\/07\/Capture-decran-2026-07-06-163821.png 1919w\" sizes=\"auto, (max-width: 1024px) 100vw, 1024px\" \/><\/figure><div class=\"wp-block-media-text__content\">\n<p class=\"wp-block-paragraph\"><br><br>L&rsquo;option s&rsquo;enrichit \u00e9galement de rencontres avec des artistes et des professionnels du spectacle vivant et de l&rsquo;audiovisuel. Ces \u00e9changes permettent aux \u00e9l\u00e8ves de mieux comprendre les multiples facettes de la cr\u00e9ation artistique et les nombreux m\u00e9tiers qui la rendent possible.<br><br>Ouverte \u00e0 tous les motiv\u00e9s, d\u00e9butants comme passionn\u00e9s, l&rsquo;option Th\u00e9\u00e2tre favorise l&rsquo;\u00e9panouissement personnel, la prise de parole et la curiosit\u00e9 culturelle. Elle constitue une exp\u00e9rience formatrice qui accompagne les \u00e9l\u00e8ves bien au-del\u00e0 de la sc\u00e8ne.<br><br>Au lyc\u00e9e, l&rsquo;option Th\u00e9\u00e2tre est \u00e9valu\u00e9e et compte dans la moyenne g\u00e9n\u00e9rale ainsi que dans le contr\u00f4le continu du baccalaur\u00e9at. Elle est \u00e9galement valoris\u00e9e dans les dossiers Parcoursup. Les comp\u00e9tences d\u00e9velopp\u00e9es \u00e0 l&rsquo;oral, l&rsquo;aisance dans la prise de parole et la capacit\u00e9 \u00e0 argumenter constituent aussi de pr\u00e9cieux atouts pour r\u00e9ussir le Grand Oral.<br><br><\/p>\n<\/div><\/div>\n<\/div>\n\n\n\n<h3 class=\"wp-block-heading\"> Former le regard artistique \ud83c\udfad<\/h3>\n\n\n\n<p class=\"wp-block-paragraph\">L&rsquo;option Th\u00e9\u00e2tre invite les \u00e9l\u00e8ves \u00e0 d\u00e9couvrir les grands textes, les \u00e9critures contemporaines et les diff\u00e9rentes formes de mise en sc\u00e8ne. En d\u00e9veloppant leur sens de l&rsquo;observation, leur esprit critique et leur cr\u00e9ativit\u00e9, ils construisent une v\u00e9ritable culture artistique. Au fil des ann\u00e9es, ils participent \u00e0 la cr\u00e9ation de spectacles qu&rsquo;ils pr\u00e9sentent devant un public. Chaque projet t\u00e9moigne de leur progression et de leur engagement.<\/p>\n\n\n\n<h3 class=\"wp-block-heading\"> Rencontrer des professionnels \ud83c\udfac<\/h3>\n\n\n\n<p class=\"wp-block-paragraph\">Les \u00e9l\u00e8ves peuvent \u00eatre amen\u00e9s \u00e0 rencontrer des com\u00e9diens, metteurs en sc\u00e8ne, auteurs ou <strong><a href=\"#A-la-une-!\">r\u00e9alisateurs<\/a><\/strong>. Ils d\u00e9couvrent \u00e9galement les nombreux m\u00e9tiers qui participent \u00e0 la cr\u00e9ation d&rsquo;un spectacle : r\u00e9gie, lumi\u00e8re, son, costumes, sc\u00e9nographie ou encore audiovisuel. Ces \u00e9changes offrent une vision concr\u00e8te du monde artistique et des parcours professionnels qui s&rsquo;y rattachent.<\/p>\n\n\n\n<h3 class=\"wp-block-heading\"> Travailler en \u00e9quipe \ud83e\udd1d<\/h3>\n\n\n\n<p class=\"wp-block-paragraph\">Le th\u00e9\u00e2tre est avant tout une aventure collective. Les \u00e9l\u00e8ves apprennent \u00e0 \u00e9couter, \u00e0 coop\u00e9rer et \u00e0 construire un projet commun. Ils d\u00e9veloppent leur confiance en eux, leur aisance \u00e0 l&rsquo;oral et leur capacit\u00e9 \u00e0 prendre la parole devant un public. Ces comp\u00e9tences sont tr\u00e8s utiles tout au long de leur scolarit\u00e9, notamment pour le Grand Oral du baccalaur\u00e9at, puis dans leurs \u00e9tudes sup\u00e9rieures et leur future vie professionnelle.<\/p>\n\n\n\n<h3 class=\"wp-block-heading\"><strong>Un enseignement reconnu<\/strong> ! <strong>\ud83c\udf93 <\/strong><\/h3>\n\n\n\n<ul class=\"wp-block-list\">\n<li>\u00c9valu\u00e9 et pris en compte dans la moyenne g\u00e9n\u00e9rale.<\/li>\n\n\n\n<li>Int\u00e9gr\u00e9 au contr\u00f4le continu du baccalaur\u00e9at.<\/li>\n\n\n\n<li>Valoris\u00e9 dans les dossiers Parcoursup.<\/li>\n\n\n\n<li>Une excellente pr\u00e9paration au Grand Oral gr\u00e2ce au travail de l&rsquo;expression orale, de l&rsquo;argumentation et de la confiance en soi.<\/li>\n<\/ul>\n\n\n\n<hr class=\"wp-block-separator has-alpha-channel-opacity\"\/>\n\n\n\n<h2 id=\"A-la-une-!\" class=\"wp-block-heading\">A la une ! <\/h2>\n\n\n\n<h3 class=\"wp-block-heading\">Rencontre avec Alexandre Laurent, ancien \u00e9l\u00e8ve du lyc\u00e9e<\/h3>\n\n\n\n<div class=\"wp-block-media-text has-media-on-the-right is-stacked-on-mobile is-vertically-aligned-top advgb-dyn-ed9db8df\" style=\"grid-template-columns:auto 43%\"><div class=\"wp-block-media-text__content\">\n<p class=\"wp-block-paragraph\">L&rsquo;option Th\u00e9\u00e2tre a eu le plaisir d&rsquo;accueillir Alexandre Laurent, ancien \u00e9l\u00e8ve du lyc\u00e9e Raynouard devenu r\u00e9alisateur de nombreuses fictions t\u00e9l\u00e9vis\u00e9es. \u00c0 l&rsquo;occasion d&rsquo;une rencontre avec les \u00e9l\u00e8ves, il est revenu sur son parcours, son m\u00e9tier et les diff\u00e9rentes \u00e9tapes de la r\u00e9alisation d&rsquo;une s\u00e9rie ou d&rsquo;un film.<\/p>\n\n\n\n<p class=\"wp-block-paragraph\">Cet \u00e9change a permis aux \u00e9l\u00e8ves de d\u00e9couvrir les coulisses de l&rsquo;audiovisuel, de mieux comprendre les m\u00e9tiers du cin\u00e9ma et de la t\u00e9l\u00e9vision, mais aussi d&rsquo;\u00e9changer librement autour de leurs questions, de leurs projets et de leurs ambitions.<\/p>\n\n\n\n<p class=\"wp-block-paragraph\">Cette rencontre illustre la volont\u00e9 de l&rsquo;option Th\u00e9\u00e2tre de rapprocher les \u00e9l\u00e8ves du monde professionnel et de leur faire d\u00e9couvrir les nombreuses possibilit\u00e9s qu&rsquo;offrent les m\u00e9tiers de la cr\u00e9ation artistique.<\/p>\n\n\n\n<p class=\"wp-block-paragraph\">Aujourd&rsquo;hui r\u00e9alisateur de la s\u00e9rie <strong>Cat&rsquo;s Eyes<\/strong>, diffus\u00e9e sur TF1, Alexandre Laurent poursuit une carri\u00e8re reconnue dans la r\u00e9alisation de fictions fran\u00e7aises. Son retour au lyc\u00e9e constitue une v\u00e9ritable source d&rsquo;inspiration pour les \u00e9l\u00e8ves, en montrant qu&rsquo;un parcours commenc\u00e9 au lyc\u00e9e Raynouard peut mener jusqu&rsquo;aux plus grandes productions audiovisuelles fran\u00e7aises.<\/p>\n\n\n\n<h4 class=\"wp-block-heading\">Retrouvez Aussi l&rsquo;\u00e9change dans notre<a href=\"https:\/\/lycee-raynouard.fr\/wp-content\/uploads\/2026\/05\/Raynews-2026-3-1.pdf#page=13\"><strong> RayNews <\/strong><\/a>ainsi qu&rsquo;en vid\u00e9o ! <\/h4>\n\n\n\n<figure class=\"wp-block-embed is-type-video is-provider-youtube wp-block-embed-youtube wp-embed-aspect-16-9 wp-has-aspect-ratio advgb-dyn-fc500030\"><div class=\"wp-block-embed__wrapper\">\n<iframe loading=\"lazy\" title=\"Rencontre avec Alexandre Laurent (r\u00e9alisateur et sc\u00e9nariste)\" width=\"1370\" height=\"771\" src=\"https:\/\/www.youtube.com\/embed\/uxuqsRFrF-k?feature=oembed\" frameborder=\"0\" allow=\"accelerometer; autoplay; clipboard-write; encrypted-media; gyroscope; picture-in-picture; web-share\" referrerpolicy=\"strict-origin-when-cross-origin\" allowfullscreen><\/iframe>\n<\/div><\/figure>\n<\/div><figure class=\"wp-block-media-text__media\"><img loading=\"lazy\" decoding=\"async\" width=\"735\" height=\"1024\" src=\"https:\/\/lycee-raynouard.fr\/wp-content\/uploads\/2026\/07\/scan-article-journal-735x1024.jpg\" alt=\"\" class=\"wp-image-6102 size-full\" srcset=\"https:\/\/lycee-raynouard.fr\/wp-content\/uploads\/2026\/07\/scan-article-journal-735x1024.jpg 735w, https:\/\/lycee-raynouard.fr\/wp-content\/uploads\/2026\/07\/scan-article-journal-215x300.jpg 215w, https:\/\/lycee-raynouard.fr\/wp-content\/uploads\/2026\/07\/scan-article-journal-768x1069.jpg 768w, https:\/\/lycee-raynouard.fr\/wp-content\/uploads\/2026\/07\/scan-article-journal-1103x1536.jpg 1103w, https:\/\/lycee-raynouard.fr\/wp-content\/uploads\/2026\/07\/scan-article-journal-1370x1908.jpg 1370w, https:\/\/lycee-raynouard.fr\/wp-content\/uploads\/2026\/07\/scan-article-journal-1320x1838.jpg 1320w, https:\/\/lycee-raynouard.fr\/wp-content\/uploads\/2026\/07\/scan-article-journal.jpg 1470w\" sizes=\"auto, (max-width: 735px) 100vw, 735px\" \/><\/figure><\/div>\n","protected":false},"excerpt":{"rendered":"<p>Au fil de leur parcours, les \u00e9l\u00e8ves d\u00e9couvrent de nombreuses \u0153uvres et participent \u00e0 plusieurs productions th\u00e9\u00e2trales. Chaque spectacle est l&rsquo;occasion de progresser, d&rsquo;approfondir leur culture th\u00e9\u00e2trale et de vivre une v\u00e9ritable exp\u00e9rience de sc\u00e8ne. L&rsquo;option s&rsquo;enrichit \u00e9galement de rencontres avec des artistes et des professionnels du spectacle vivant et de l&rsquo;audiovisuel. Ces \u00e9changes permettent &hellip; <\/p>\n<p><a class=\"more-link btn\" href=\"https:\/\/lycee-raynouard.fr\/index.php\/theatre\/\">Lire la suite<\/a><\/p>\n","protected":false},"author":1,"featured_media":0,"parent":0,"menu_order":0,"comment_status":"closed","ping_status":"closed","template":"","meta":{"_uag_custom_page_level_css":"","advgb_blocks_editor_width":"","advgb_blocks_columns_visual_guide":"","ngg_post_thumbnail":0,"footnotes":""},"class_list":["post-5043","page","type-page","status-publish","hentry","nodate","item-wrap"],"yoast_head":"<!-- This site is optimized with the Yoast SEO plugin v25.8 - https:\/\/yoast.com\/wordpress\/plugins\/seo\/ -->\n<title>Option Th\u00e9atre - Lyc\u00e9e Polyvalent Raynouard<\/title>\n<meta name=\"robots\" content=\"index, follow, max-snippet:-1, max-image-preview:large, max-video-preview:-1\" \/>\n<link rel=\"canonical\" href=\"https:\/\/lycee-raynouard.fr\/index.php\/theatre\/\" \/>\n<meta property=\"og:locale\" content=\"fr_FR\" \/>\n<meta property=\"og:type\" content=\"article\" \/>\n<meta property=\"og:title\" content=\"Option Th\u00e9atre - Lyc\u00e9e Polyvalent Raynouard\" \/>\n<meta property=\"og:description\" content=\"Au fil de leur parcours, les \u00e9l\u00e8ves d\u00e9couvrent de nombreuses \u0153uvres et participent \u00e0 plusieurs productions th\u00e9\u00e2trales. Chaque spectacle est l&rsquo;occasion de progresser, d&rsquo;approfondir leur culture th\u00e9\u00e2trale et de vivre une v\u00e9ritable exp\u00e9rience de sc\u00e8ne. L&rsquo;option s&rsquo;enrichit \u00e9galement de rencontres avec des artistes et des professionnels du spectacle vivant et de l&rsquo;audiovisuel. Ces \u00e9changes permettent &hellip; Lire la suite\" \/>\n<meta property=\"og:url\" content=\"https:\/\/lycee-raynouard.fr\/index.php\/theatre\/\" \/>\n<meta property=\"og:site_name\" content=\"Lyc\u00e9e Polyvalent Raynouard\" \/>\n<meta property=\"article:modified_time\" content=\"2026-08-24T13:32:21+00:00\" \/>\n<meta property=\"og:image\" content=\"https:\/\/lycee-raynouard.fr\/wp-content\/uploads\/2026\/07\/Capture-decran-2026-07-06-163821-1024x576.png\" \/>\n\t<meta property=\"og:image:width\" content=\"1024\" \/>\n\t<meta property=\"og:image:height\" content=\"576\" \/>\n\t<meta property=\"og:image:type\" content=\"image\/png\" \/>\n<meta name=\"twitter:card\" content=\"summary_large_image\" \/>\n<meta name=\"twitter:label1\" content=\"Dur\u00e9e de lecture estim\u00e9e\" \/>\n\t<meta name=\"twitter:data1\" content=\"4 minutes\" \/>\n<script type=\"application\/ld+json\" class=\"yoast-schema-graph\">{\"@context\":\"https:\/\/schema.org\",\"@graph\":[{\"@type\":\"WebPage\",\"@id\":\"https:\/\/lycee-raynouard.fr\/index.php\/theatre\/\",\"url\":\"https:\/\/lycee-raynouard.fr\/index.php\/theatre\/\",\"name\":\"Option Th\u00e9atre - Lyc\u00e9e Polyvalent Raynouard\",\"isPartOf\":{\"@id\":\"https:\/\/lycee-raynouard.fr\/#website\"},\"primaryImageOfPage\":{\"@id\":\"https:\/\/lycee-raynouard.fr\/index.php\/theatre\/#primaryimage\"},\"image\":{\"@id\":\"https:\/\/lycee-raynouard.fr\/index.php\/theatre\/#primaryimage\"},\"thumbnailUrl\":\"https:\/\/lycee-raynouard.fr\/wp-content\/uploads\/2026\/07\/Capture-decran-2026-07-06-163821-1024x576.png\",\"datePublished\":\"2024-02-09T17:58:29+00:00\",\"dateModified\":\"2026-08-24T13:32:21+00:00\",\"breadcrumb\":{\"@id\":\"https:\/\/lycee-raynouard.fr\/index.php\/theatre\/#breadcrumb\"},\"inLanguage\":\"fr-FR\",\"potentialAction\":[{\"@type\":\"ReadAction\",\"target\":[\"https:\/\/lycee-raynouard.fr\/index.php\/theatre\/\"]}]},{\"@type\":\"ImageObject\",\"inLanguage\":\"fr-FR\",\"@id\":\"https:\/\/lycee-raynouard.fr\/index.php\/theatre\/#primaryimage\",\"url\":\"https:\/\/lycee-raynouard.fr\/wp-content\/uploads\/2026\/07\/Capture-decran-2026-07-06-163821.png\",\"contentUrl\":\"https:\/\/lycee-raynouard.fr\/wp-content\/uploads\/2026\/07\/Capture-decran-2026-07-06-163821.png\",\"width\":1919,\"height\":1079},{\"@type\":\"BreadcrumbList\",\"@id\":\"https:\/\/lycee-raynouard.fr\/index.php\/theatre\/#breadcrumb\",\"itemListElement\":[{\"@type\":\"ListItem\",\"position\":1,\"name\":\"Accueil\",\"item\":\"https:\/\/lycee-raynouard.fr\/\"},{\"@type\":\"ListItem\",\"position\":2,\"name\":\"Option Th\u00e9atre\"}]},{\"@type\":\"WebSite\",\"@id\":\"https:\/\/lycee-raynouard.fr\/#website\",\"url\":\"https:\/\/lycee-raynouard.fr\/\",\"name\":\"Lyc\u00e9e Polyvalent Raynouard\",\"description\":\"Brignoles\",\"potentialAction\":[{\"@type\":\"SearchAction\",\"target\":{\"@type\":\"EntryPoint\",\"urlTemplate\":\"https:\/\/lycee-raynouard.fr\/?s={search_term_string}\"},\"query-input\":{\"@type\":\"PropertyValueSpecification\",\"valueRequired\":true,\"valueName\":\"search_term_string\"}}],\"inLanguage\":\"fr-FR\"}]}<\/script>\n<!-- \/ Yoast SEO plugin. -->","yoast_head_json":{"title":"Option Th\u00e9atre - Lyc\u00e9e Polyvalent Raynouard","robots":{"index":"index","follow":"follow","max-snippet":"max-snippet:-1","max-image-preview":"max-image-preview:large","max-video-preview":"max-video-preview:-1"},"canonical":"https:\/\/lycee-raynouard.fr\/index.php\/theatre\/","og_locale":"fr_FR","og_type":"article","og_title":"Option Th\u00e9atre - Lyc\u00e9e Polyvalent Raynouard","og_description":"Au fil de leur parcours, les \u00e9l\u00e8ves d\u00e9couvrent de nombreuses \u0153uvres et participent \u00e0 plusieurs productions th\u00e9\u00e2trales. Chaque spectacle est l&rsquo;occasion de progresser, d&rsquo;approfondir leur culture th\u00e9\u00e2trale et de vivre une v\u00e9ritable exp\u00e9rience de sc\u00e8ne. L&rsquo;option s&rsquo;enrichit \u00e9galement de rencontres avec des artistes et des professionnels du spectacle vivant et de l&rsquo;audiovisuel. Ces \u00e9changes permettent &hellip; Lire la suite","og_url":"https:\/\/lycee-raynouard.fr\/index.php\/theatre\/","og_site_name":"Lyc\u00e9e Polyvalent Raynouard","article_modified_time":"2026-08-24T13:32:21+00:00","og_image":[{"width":1024,"height":576,"url":"https:\/\/lycee-raynouard.fr\/wp-content\/uploads\/2026\/07\/Capture-decran-2026-07-06-163821-1024x576.png","type":"image\/png"}],"twitter_card":"summary_large_image","twitter_misc":{"Dur\u00e9e de lecture estim\u00e9e":"4 minutes"},"schema":{"@context":"https:\/\/schema.org","@graph":[{"@type":"WebPage","@id":"https:\/\/lycee-raynouard.fr\/index.php\/theatre\/","url":"https:\/\/lycee-raynouard.fr\/index.php\/theatre\/","name":"Option Th\u00e9atre - Lyc\u00e9e Polyvalent Raynouard","isPartOf":{"@id":"https:\/\/lycee-raynouard.fr\/#website"},"primaryImageOfPage":{"@id":"https:\/\/lycee-raynouard.fr\/index.php\/theatre\/#primaryimage"},"image":{"@id":"https:\/\/lycee-raynouard.fr\/index.php\/theatre\/#primaryimage"},"thumbnailUrl":"https:\/\/lycee-raynouard.fr\/wp-content\/uploads\/2026\/07\/Capture-decran-2026-07-06-163821-1024x576.png","datePublished":"2024-02-09T17:58:29+00:00","dateModified":"2026-08-24T13:32:21+00:00","breadcrumb":{"@id":"https:\/\/lycee-raynouard.fr\/index.php\/theatre\/#breadcrumb"},"inLanguage":"fr-FR","potentialAction":[{"@type":"ReadAction","target":["https:\/\/lycee-raynouard.fr\/index.php\/theatre\/"]}]},{"@type":"ImageObject","inLanguage":"fr-FR","@id":"https:\/\/lycee-raynouard.fr\/index.php\/theatre\/#primaryimage","url":"https:\/\/lycee-raynouard.fr\/wp-content\/uploads\/2026\/07\/Capture-decran-2026-07-06-163821.png","contentUrl":"https:\/\/lycee-raynouard.fr\/wp-content\/uploads\/2026\/07\/Capture-decran-2026-07-06-163821.png","width":1919,"height":1079},{"@type":"BreadcrumbList","@id":"https:\/\/lycee-raynouard.fr\/index.php\/theatre\/#breadcrumb","itemListElement":[{"@type":"ListItem","position":1,"name":"Accueil","item":"https:\/\/lycee-raynouard.fr\/"},{"@type":"ListItem","position":2,"name":"Option Th\u00e9atre"}]},{"@type":"WebSite","@id":"https:\/\/lycee-raynouard.fr\/#website","url":"https:\/\/lycee-raynouard.fr\/","name":"Lyc\u00e9e Polyvalent Raynouard","description":"Brignoles","potentialAction":[{"@type":"SearchAction","target":{"@type":"EntryPoint","urlTemplate":"https:\/\/lycee-raynouard.fr\/?s={search_term_string}"},"query-input":{"@type":"PropertyValueSpecification","valueRequired":true,"valueName":"search_term_string"}}],"inLanguage":"fr-FR"}]}},"uagb_featured_image_src":{"full":false,"thumbnail":false,"medium":false,"medium_large":false,"large":false,"1536x1536":false,"2048x2048":false,"graphene_slider":false,"graphene_featured_image":false,"post-thumbnail":false,"mailpoet_newsletter_max":false},"uagb_author_info":{"display_name":"adminray","author_link":"https:\/\/lycee-raynouard.fr\/index.php\/author\/adminray\/"},"uagb_comment_info":0,"uagb_excerpt":"Au fil de leur parcours, les \u00e9l\u00e8ves d\u00e9couvrent de nombreuses \u0153uvres et participent \u00e0 plusieurs productions th\u00e9\u00e2trales. Chaque spectacle est l&rsquo;occasion de progresser, d&rsquo;approfondir leur culture th\u00e9\u00e2trale et de vivre une v\u00e9ritable exp\u00e9rience de sc\u00e8ne. L&rsquo;option s&rsquo;enrichit \u00e9galement de rencontres avec des artistes et des professionnels du spectacle vivant et de l&rsquo;audiovisuel. Ces \u00e9changes permettent\u2026","coauthors":[],"author_meta":{"author_link":"https:\/\/lycee-raynouard.fr\/index.php\/author\/adminray\/","display_name":"adminray"},"relative_dates":{"created":"Publi\u00e9 3 ans il y a","modified":"Mis \u00e0 jour 1 semaine il y a"},"absolute_dates":{"created":"Publi\u00e9 le 9 f\u00e9vrier 2024","modified":"Mise \u00e0 jour le 24 ao\u00fbt 2026"},"absolute_dates_time":{"created":"Publi\u00e9 le 9 f\u00e9vrier 2024 18 h 58 min","modified":"Mise \u00e0 jour le 24 ao\u00fbt 2026 15 h 32 min"},"featured_img_caption":"","featured_img":false,"series_order":"","_links":{"self":[{"href":"https:\/\/lycee-raynouard.fr\/index.php\/wp-json\/wp\/v2\/pages\/5043","targetHints":{"allow":["GET"]}}],"collection":[{"href":"https:\/\/lycee-raynouard.fr\/index.php\/wp-json\/wp\/v2\/pages"}],"about":[{"href":"https:\/\/lycee-raynouard.fr\/index.php\/wp-json\/wp\/v2\/types\/page"}],"author":[{"embeddable":true,"href":"https:\/\/lycee-raynouard.fr\/index.php\/wp-json\/wp\/v2\/users\/1"}],"replies":[{"embeddable":true,"href":"https:\/\/lycee-raynouard.fr\/index.php\/wp-json\/wp\/v2\/comments?post=5043"}],"version-history":[{"count":5,"href":"https:\/\/lycee-raynouard.fr\/index.php\/wp-json\/wp\/v2\/pages\/5043\/revisions"}],"predecessor-version":[{"id":6141,"href":"https:\/\/lycee-raynouard.fr\/index.php\/wp-json\/wp\/v2\/pages\/5043\/revisions\/6141"}],"wp:attachment":[{"href":"https:\/\/lycee-raynouard.fr\/index.php\/wp-json\/wp\/v2\/media?parent=5043"}],"curies":[{"name":"wp","href":"https:\/\/api.w.org\/{rel}","templated":true}]}}